{"id":7401,"date":"2023-03-20T07:11:33","date_gmt":"2023-03-20T05:11:33","guid":{"rendered":"https:\/\/360photoboothpro.eu\/adatvedelmi-politika\/"},"modified":"2025-03-12T09:24:10","modified_gmt":"2025-03-12T07:24:10","slug":"adatvedelmi-politika","status":"publish","type":"page","link":"https:\/\/360photoboothpro.eu\/hu\/adatvedelmi-politika\/","title":{"rendered":"Adatv\u00e9delmi ir\u00e1nyelvek"},"content":{"rendered":"\t\t<div data-elementor-type=\"wp-page\" data-elementor-id=\"7401\" class=\"elementor elementor-7401 elementor-3\" data-elementor-post-type=\"page\">\n\t\t\t\t\t\t<section class=\"elementor-section elementor-top-section elementor-element elementor-element-77d2360 elementor-section-boxed elementor-section-height-default elementor-section-height-default\" data-id=\"77d2360\" data-element_type=\"section\">\r\n\t\t\r\n\t\t\t\t\t\t\t<div class=\"elementor-container elementor-column-gap-default\">\r\n\t\t\t\t\t\t\t\t\t\t\t<div class=\"elementor-column elementor-col-100 elementor-top-column elementor-element elementor-element-3bc6d72\" data-id=\"3bc6d72\" data-element_type=\"column\">\r\n\t\t\t\t\t<div class=\"elementor-widget-wrap elementor-element-populated\">\r\n\t\t\t\t\t\t\t\t<div class=\"elementor-element elementor-element-46807c2 elementor-widget elementor-widget-heading\" data-id=\"46807c2\" data-element_type=\"widget\" data-widget_type=\"heading.default\">\n\t\t\t\t<div class=\"elementor-widget-container\">\n\t\t\t<h2 class=\"elementor-heading-title elementor-size-default\">Adatv\u00e9delmi szab\u00e1lyzat<\/h2>\t\t<\/div>\n\t\t\t\t<\/div>\n\t\t\t\t\t<\/div>\r\n\t\t\t\t<\/div>\r\n\t\t\t\t\t<\/div>\r\n\t\t\t\t<\/section>\r\n\t\t\t\t<section class=\"elementor-section elementor-top-section elementor-element elementor-element-234af183 elementor-section-boxed elementor-section-height-default elementor-section-height-default\" data-id=\"234af183\" data-element_type=\"section\">\r\n\t\t\r\n\t\t\t\t\t\t\t<div class=\"elementor-container elementor-column-gap-default\">\r\n\t\t\t\t\t\t\t\t\t\t\t<div class=\"elementor-column elementor-col-100 elementor-top-column elementor-element elementor-element-5cd2b2ea\" data-id=\"5cd2b2ea\" data-element_type=\"column\">\r\n\t\t\t\t\t<div class=\"elementor-widget-wrap elementor-element-populated\">\r\n\t\t\t\t\t\t\t\t<div class=\"elementor-element elementor-element-6f8a2459 elementor-widget elementor-widget-text-editor\" data-id=\"6f8a2459\" data-element_type=\"widget\" data-widget_type=\"text-editor.default\">\n\t\t\t\t<div class=\"elementor-widget-container\">\n\t\t\t\t\t\t\t<h1 class=\"western\"><span style=\"color: #111111;\"><span style=\"font-family: inherit;\"><span style=\"font-size: x-large;\"><b>ADATV\u00c9DELMI POLITIKA<\/b><\/span><\/span><\/span><\/h1>\n<p>Novo Best Concept Team SRL<\/p>\n<p>Ez az Adatv\u00e9delmi szab\u00e1lyzat le\u00edrja, hogyan gy\u0171jtik, haszn\u00e1lj\u00e1k \u00e9s osztj\u00e1k meg az \u00d6n szem\u00e9lyes adatait, amikor \u00d6n a https:\/\/360photoboothpro.eu\/ (a &#8222;Webhely&#8221;) oldalra l\u00e1togat, vagy ott v\u00e1s\u00e1rol.<\/p>\n<p>AZ \u00c1LTALUNK GY\u0170JT\u00d6TT SZEM\u00c9LYES ADATOK<\/p>\n<p>Amikor \u00d6n megl\u00e1togatja a Webhelyet, automatikusan gy\u0171jt\u00fcnk bizonyos inform\u00e1ci\u00f3kat az \u00d6n eszk\u00f6z\u00e9r\u0151l, bele\u00e9rtve a webb\u00f6ng\u00e9sz\u0151j\u00e9re, IP-c\u00edm\u00e9re, id\u0151z\u00f3n\u00e1j\u00e1ra \u00e9s az eszk\u00f6z\u00e9re telep\u00edtett n\u00e9h\u00e1ny cookie-ra vonatkoz\u00f3 inform\u00e1ci\u00f3kat. Ezen t\u00falmen\u0151en a Webhely b\u00f6ng\u00e9sz\u00e9se sor\u00e1n inform\u00e1ci\u00f3kat gy\u0171jt\u00fcnk az \u00d6n \u00e1ltal megtekintett egyes weboldalakr\u00f3l vagy term\u00e9kekr\u0151l, arr\u00f3l, hogy milyen weboldalak vagy keres\u0151kifejez\u00e9sek ir\u00e1ny\u00edtott\u00e1k \u00d6nt a Webhelyre, valamint arr\u00f3l, hogy \u00d6n hogyan l\u00e9p kapcsolatba a Webhellyel. Ezeket az automatikusan gy\u0171jt\u00f6tt inform\u00e1ci\u00f3kat &#8222;Eszk\u00f6zinform\u00e1ci\u00f3nak&#8221; nevezz\u00fck.<\/p>\n<p>Az eszk\u00f6zadatokat a k\u00f6vetkez\u0151 technol\u00f3gi\u00e1k seg\u00edts\u00e9g\u00e9vel gy\u0171jtj\u00fck:<\/p>\n<p>&#8211; A &#8222;s\u00fctik&#8221; olyan adatf\u00e1jlok, amelyek az \u00d6n eszk\u00f6z\u00e9n vagy sz\u00e1m\u00edt\u00f3g\u00e9p\u00e9n ker\u00fclnek elhelyez\u00e9sre, \u00e9s gyakran tartalmaznak egy n\u00e9vtelen egyedi azonos\u00edt\u00f3t. A s\u00fctikr\u0151l \u00e9s a s\u00fctik letilt\u00e1s\u00e1r\u00f3l tov\u00e1bbi inform\u00e1ci\u00f3kat a http:\/\/www.allaboutcookies.org oldalon tal\u00e1l.<br \/>&#8211; A &#8222;napl\u00f3f\u00e1jlok&#8221; nyomon k\u00f6vetik a webhelyen v\u00e9gzett m\u0171veleteket, \u00e9s adatokat gy\u0171jtenek, bele\u00e9rtve az \u00d6n IP-c\u00edm\u00e9t, a b\u00f6ng\u00e9sz\u0151 t\u00edpus\u00e1t, az internetszolg\u00e1ltat\u00f3t, a hivatkoz\u00f3\/kil\u00e9p\u0151 oldalakat \u00e9s a d\u00e1tum\/id\u0151 b\u00e9lyegeket.<br \/>&#8211; A &#8222;webjelz\u0151k&#8221;, &#8222;c\u00edmk\u00e9k&#8221; \u00e9s &#8222;pixelek&#8221; olyan elektronikus f\u00e1jlok, amelyeket arra haszn\u00e1lnak, hogy inform\u00e1ci\u00f3kat r\u00f6gz\u00edtsenek arr\u00f3l, hogyan b\u00f6ng\u00e9szik a Webhelyet.<\/p>\n<p>Tov\u00e1bb\u00e1, amikor \u00d6n v\u00e1s\u00e1rol vagy megpr\u00f3b\u00e1l v\u00e1s\u00e1rolni a Webhelyen kereszt\u00fcl, bizonyos adatokat gy\u0171jt\u00fcnk \u00d6nt\u0151l, bele\u00e9rtve a nev\u00e9t, sz\u00e1ml\u00e1z\u00e1si c\u00edm\u00e9t, sz\u00e1ll\u00edt\u00e1si c\u00edm\u00e9t, fizet\u00e9si adatait (bele\u00e9rtve a hitelk\u00e1rtyasz\u00e1mokat), e-mail c\u00edm\u00e9t \u00e9s telefonsz\u00e1m\u00e1t. Ezeket az inform\u00e1ci\u00f3kat &#8222;Megrendel\u00e9si inform\u00e1ci\u00f3knak&#8221; nevezz\u00fck.<\/p>\n<p>Amikor a jelen Adatv\u00e9delmi szab\u00e1lyzatban &#8222;szem\u00e9lyes adatokr\u00f3l&#8221; besz\u00e9l\u00fcnk, akkor mind az eszk\u00f6zadatokr\u00f3l, mind a megrendel\u00e9si adatokr\u00f3l besz\u00e9l\u00fcnk.<\/p>\n<p>HOGYAN HASZN\u00c1LJUK FEL AZ \u00d6N SZEM\u00c9LYES ADATAIT?<\/p>\n<p>Az \u00e1ltalunk gy\u0171jt\u00f6tt megrendel\u00e9si adatokat \u00e1ltal\u00e1ban a Webhelyen kereszt\u00fcl leadott megrendel\u00e9sek teljes\u00edt\u00e9s\u00e9re haszn\u00e1ljuk (bele\u00e9rtve az \u00d6n fizet\u00e9si adatainak feldolgoz\u00e1s\u00e1t, a sz\u00e1ll\u00edt\u00e1s megszervez\u00e9s\u00e9t, valamint a sz\u00e1ml\u00e1k \u00e9s\/vagy megrendel\u00e9si visszaigazol\u00e1sok megk\u00fcld\u00e9s\u00e9t). Ezen t\u00falmen\u0151en ezeket a megrendel\u00e9si adatokat arra haszn\u00e1ljuk, hogy:<br \/>kommunik\u00e1ljunk \u00d6nnel;<br \/>\u00e1tvizsg\u00e1ljuk megrendel\u00e9seinket a potenci\u00e1lis kock\u00e1zat vagy csal\u00e1s szempontj\u00e1b\u00f3l; \u00e9s<br \/>Ha az \u00d6n \u00e1ltal vel\u00fcnk megosztott preferenci\u00e1knak megfelel\u0151en, a term\u00e9keinkkel vagy szolg\u00e1ltat\u00e1sainkkal kapcsolatos inform\u00e1ci\u00f3kat vagy rekl\u00e1mokat k\u00fcld\u00fcnk \u00d6nnek.<\/p>\n<p>Az \u00e1ltalunk gy\u0171jt\u00f6tt Eszk\u00f6zadatokat arra haszn\u00e1ljuk, hogy seg\u00edts\u00fcnk kisz\u0171rni a lehets\u00e9ges kock\u00e1zatokat \u00e9s csal\u00e1sokat (k\u00fcl\u00f6n\u00f6sen az \u00d6n IP-c\u00edm\u00e9t), valamint \u00e1ltal\u00e1nosabban a Webhely\u00fcnk jav\u00edt\u00e1s\u00e1ra \u00e9s optimaliz\u00e1l\u00e1s\u00e1ra (p\u00e9ld\u00e1ul analitikai elemz\u00e9sek k\u00e9sz\u00edt\u00e9se r\u00e9v\u00e9n arr\u00f3l, hogy \u00fcgyfeleink hogyan b\u00f6ng\u00e9sznek a Webhelyen \u00e9s hogyan l\u00e9pnek kapcsolatba vele, valamint marketing- \u00e9s rekl\u00e1mkamp\u00e1nyaink siker\u00e9nek \u00e9rt\u00e9kel\u00e9s\u00e9re).<\/p>\n<p>SZEM\u00c9LYES ADATAINAK MEGOSZT\u00c1SA<\/p>\n<p>Szem\u00e9lyes adatait megosztjuk harmadik felekkel, hogy seg\u00edtsenek nek\u00fcnk az \u00d6n szem\u00e9lyes adatainak a fentiekben le\u00edrtak szerinti felhaszn\u00e1l\u00e1s\u00e1ban. A Google Analytics szolg\u00e1ltat\u00e1st is haszn\u00e1ljuk, hogy meg\u00e9rts\u00fck, hogyan haszn\u00e1lj\u00e1k \u00fcgyfeleink a Webhelyet &#8211; itt olvashat t\u00f6bbet arr\u00f3l, hogyan haszn\u00e1lja a Google az \u00d6n szem\u00e9lyes adatait: https:\/\/www.google.com\/intl\/en\/policies\/privacy\/. A Google Analytics szolg\u00e1ltat\u00e1sr\u00f3l itt is lemondhat: https:\/\/tools.google.com\/dlpage\/gaoptout.<\/p>\n<p>V\u00e9g\u00fcl, szem\u00e9lyes adatait megoszthatjuk az alkalmazand\u00f3 t\u00f6rv\u00e9nyeknek \u00e9s szab\u00e1lyoz\u00e1soknak val\u00f3 megfelel\u00e9s, id\u00e9z\u00e9sre, h\u00e1zkutat\u00e1si parancsra vagy m\u00e1s t\u00f6rv\u00e9nyes inform\u00e1ci\u00f3k\u00e9r\u00e9sre val\u00f3 v\u00e1laszad\u00e1s, illetve jogaink v\u00e9delme \u00e9rdek\u00e9ben is.<\/p>\n<p>Viselked\u00e9salap\u00fa hirdet\u00e9s<br \/>A fentiek szerint arra haszn\u00e1ljuk fel az \u00d6n szem\u00e9lyes adatait, hogy c\u00e9lzott hirdet\u00e9seket vagy marketingk\u00f6zlem\u00e9nyeket k\u00fcldj\u00fcnk \u00d6nnek, amelyekr\u0151l \u00fagy gondoljuk, hogy \u00e9rdekelhetik \u00d6nt. A c\u00e9lzott hirdet\u00e9sek m\u0171k\u00f6d\u00e9s\u00e9r\u0151l tov\u00e1bbi inform\u00e1ci\u00f3kat a Network Advertising Initiative (&#8222;NAI&#8221;) oktat\u00e1si oldal\u00e1n tal\u00e1l a http:\/\/www.networkadvertising.org\/understanding-online-advertising\/how-does-it-work c\u00edmen.<\/p>\n<p>A c\u00e9lzott hirdet\u00e9sekr\u0151l lemondhat a k\u00f6vetkez\u0151kkel:<\/p>\n<p>FACEBOOK &#8211; https:\/\/www.facebook.com\/settings\/?tab=ads<br \/>GOOGLE &#8211; https:\/\/www.google.com\/settings\/ads\/anonymous<br \/>BING &#8211; https:\/\/advertise.bingads.microsoft.com\/en-us\/resources\/policies\/personalized-ads<\/p>\n<p>Ezen t\u00falmen\u0151en \u00d6n lemondhat n\u00e9h\u00e1ny ilyen szolg\u00e1ltat\u00e1sr\u00f3l, ha ell\u00e1togat a Digital Advertising Alliance lemond\u00f3 port\u00e1lj\u00e1ra: http:\/\/optout.aboutads.info\/.<\/p>\n<p>DO NOT TRACK<br \/>K\u00e9rj\u00fck, vegye figyelembe, hogy nem v\u00e1ltoztatjuk meg a Webhely\u00fcnk adatgy\u0171jt\u00e9si \u00e9s -felhaszn\u00e1l\u00e1si gyakorlat\u00e1t, ha a b\u00f6ng\u00e9sz\u0151je Do Not Track jelz\u00e9st ad.<\/p>\n<p>AZ \u00d6N JOGAI<br \/>Ha \u00d6n eur\u00f3pai lakos, joga van hozz\u00e1f\u00e9rni az \u00d6nr\u0151l t\u00e1rolt szem\u00e9lyes adatainkhoz, \u00e9s k\u00e9rheti szem\u00e9lyes adatainak helyesb\u00edt\u00e9s\u00e9t, friss\u00edt\u00e9s\u00e9t vagy t\u00f6rl\u00e9s\u00e9t. Ha \u00e9lni szeretne ezzel a jog\u00e1val, k\u00e9rj\u00fck, l\u00e9pjen kapcsolatba vel\u00fcnk az al\u00e1bbi el\u00e9rhet\u0151s\u00e9geken kereszt\u00fcl.<br \/>Tov\u00e1bb\u00e1, ha \u00d6n eur\u00f3pai lakos, megjegyezz\u00fck, hogy az \u00d6n adatait az \u00d6nnel k\u00f6t\u00f6tt szerz\u0151d\u00e9s\u00fcnk teljes\u00edt\u00e9se \u00e9rdek\u00e9ben kezelj\u00fck (p\u00e9ld\u00e1ul ha \u00d6n megrendel\u00e9st ad le a Webhelyen kereszt\u00fcl), vagy egy\u00e9bk\u00e9nt a fent felsorolt jogos \u00fczleti \u00e9rdekeink \u00e9rv\u00e9nyes\u00edt\u00e9se \u00e9rdek\u00e9ben. Tov\u00e1bb\u00e1 k\u00e9rj\u00fck, vegye figyelembe, hogy az \u00d6n adatait Eur\u00f3p\u00e1n k\u00edv\u00fclre, t\u00f6bbek k\u00f6z\u00f6tt Kanad\u00e1ba \u00e9s az Egyes\u00fclt \u00c1llamokba is tov\u00e1bb\u00edtjuk.<\/p>\n<p>ADATMEG\u0150RZ\u00c9S<br \/>Amikor \u00d6n megrendel\u00e9st ad le a Webhelyen kereszt\u00fcl, a megrendel\u00e9ssel kapcsolatos adatait meg\u0151rizz\u00fck a nyilv\u00e1ntart\u00e1sunkban, kiv\u00e9ve, ha \u00e9s am\u00edg \u00d6n nem k\u00e9ri, hogy t\u00f6r\u00f6lj\u00fck ezeket az adatokat.<\/p>\n<p>V\u00c1LTOZ\u00c1SOK<br \/>Id\u0151r\u0151l id\u0151re friss\u00edthetj\u00fck ezt az adatv\u00e9delmi szab\u00e1lyzatot, p\u00e9ld\u00e1ul a gyakorlatunkban bek\u00f6vetkezett v\u00e1ltoz\u00e1sok, vagy egy\u00e9b m\u0171k\u00f6d\u00e9si, jogi vagy szab\u00e1lyoz\u00e1si okok miatt.<br \/>KAPCSOLATFELV\u00c9TEL<br \/>Ha tov\u00e1bbi inform\u00e1ci\u00f3t szeretne kapni az adatv\u00e9delmi gyakorlatunkr\u00f3l, ha k\u00e9rd\u00e9se van, vagy ha panaszt szeretne tenni, k\u00e9rj\u00fck, l\u00e9pjen kapcsolatba vel\u00fcnk e-mailben a contact@360photoboothpro.eu c\u00edmen, vagy postai \u00faton az al\u00e1bbiakban megadott el\u00e9rhet\u0151s\u00e9geken:<\/p>\n<p>Bucuresti, Calea Mosilor, nr. 88, sc. F, ap. 82, 3. szektor, Rom\u00e1nia<\/p>\n\t\t\t\t\t\t<\/div>\n\t\t\t\t<\/div>\n\t\t\t\t\t<\/div>\r\n\t\t\t\t<\/div>\r\n\t\t\t\t\t<\/div>\r\n\t\t\t\t<\/section>\r\n\t\t\t\t<\/div>\n\t\t","protected":false},"excerpt":{"rendered":"<p>Adatv\u00e9delmi szab\u00e1lyzat ADATV\u00c9DELMI POLITIKA Novo Best Concept Team SRL Ez az Adatv\u00e9delmi szab\u00e1lyzat le\u00edrja, hogyan gy\u0171jtik, haszn\u00e1lj\u00e1k \u00e9s osztj\u00e1k meg az \u00d6n szem\u00e9lyes adatait, amikor \u00d6n a https:\/\/360photoboothpro.eu\/ (a &#8222;Webhely&#8221;) oldalra l\u00e1togat, vagy ott v\u00e1s\u00e1rol. AZ \u00c1LTALUNK GY\u0170JT\u00d6TT SZEM\u00c9LYES ADATOK Amikor \u00d6n megl\u00e1togatja a Webhelyet, automatikusan gy\u0171jt\u00fcnk bizonyos inform\u00e1ci\u00f3kat az \u00d6n eszk\u00f6z\u00e9r\u0151l, bele\u00e9rtve a webb\u00f6ng\u00e9sz\u0151j\u00e9re, [&hellip;]<\/p>\n","protected":false},"author":1,"featured_media":0,"parent":0,"menu_order":0,"comment_status":"closed","ping_status":"open","template":"elementor_header_footer","meta":{"_acf_changed":false,"footnotes":""},"class_list":["post-7401","page","type-page","status-publish","hentry"],"acf":[],"yoast_head":"<!-- This site is optimized with the Yoast SEO plugin v23.5 - https:\/\/yoast.com\/wordpress\/plugins\/seo\/ -->\n<title>Adatv\u00e9delmi ir\u00e1nyelvek - 360PhotoBoothPRO<\/title>\n<meta name=\"description\" content=\"A mag\u00e1n\u00e9let v\u00e9delme fontos. Olvassa el \u00e1tl\u00e1that\u00f3 adatv\u00e9delmi szab\u00e1lyzatunkat a 360 Photo Booth Pro oldalon. B\u00edzzon benn\u00fcnk a biztons\u00e1gos online \u00e9lm\u00e9ny\u00e9rt.\" \/>\n<meta name=\"robots\" content=\"index, follow, max-snippet:-1, max-image-preview:large, max-video-preview:-1\" \/>\n<link rel=\"canonical\" href=\"https:\/\/360photoboothpro.eu\/hu\/adatvedelmi-politika\/\" \/>\n<meta property=\"og:locale\" content=\"hu_HU\" \/>\n<meta property=\"og:type\" content=\"article\" \/>\n<meta property=\"og:title\" content=\"Adatv\u00e9delmi ir\u00e1nyelvek - 360PhotoBoothPRO\" \/>\n<meta property=\"og:description\" content=\"A mag\u00e1n\u00e9let v\u00e9delme fontos. Olvassa el \u00e1tl\u00e1that\u00f3 adatv\u00e9delmi szab\u00e1lyzatunkat a 360 Photo Booth Pro oldalon. B\u00edzzon benn\u00fcnk a biztons\u00e1gos online \u00e9lm\u00e9ny\u00e9rt.\" \/>\n<meta property=\"og:url\" content=\"https:\/\/360photoboothpro.eu\/hu\/adatvedelmi-politika\/\" \/>\n<meta property=\"og:site_name\" content=\"360PhotoBoothPRO\" \/>\n<meta property=\"article:publisher\" content=\"https:\/\/www.facebook.com\/360PhotoBoothPRO.Canada\/\" \/>\n<meta property=\"article:modified_time\" content=\"2025-03-12T07:24:10+00:00\" \/>\n<meta name=\"twitter:card\" content=\"summary_large_image\" \/>\n<meta name=\"twitter:label1\" content=\"Becs\u00fclt olvas\u00e1si id\u0151\" \/>\n\t<meta name=\"twitter:data1\" content=\"6 perc\" \/>\n<script type=\"application\/ld+json\" class=\"yoast-schema-graph\">{\"@context\":\"https:\/\/schema.org\",\"@graph\":[{\"@type\":\"WebPage\",\"@id\":\"https:\/\/360photoboothpro.eu\/hu\/adatvedelmi-politika\/\",\"url\":\"https:\/\/360photoboothpro.eu\/hu\/adatvedelmi-politika\/\",\"name\":\"Adatv\u00e9delmi ir\u00e1nyelvek - 360PhotoBoothPRO\",\"isPartOf\":{\"@id\":\"https:\/\/360photoboothpro.eu\/hu\/#website\"},\"datePublished\":\"2023-03-20T05:11:33+00:00\",\"dateModified\":\"2025-03-12T07:24:10+00:00\",\"description\":\"A mag\u00e1n\u00e9let v\u00e9delme fontos. Olvassa el \u00e1tl\u00e1that\u00f3 adatv\u00e9delmi szab\u00e1lyzatunkat a 360 Photo Booth Pro oldalon. B\u00edzzon benn\u00fcnk a biztons\u00e1gos online \u00e9lm\u00e9ny\u00e9rt.\",\"breadcrumb\":{\"@id\":\"https:\/\/360photoboothpro.eu\/hu\/adatvedelmi-politika\/#breadcrumb\"},\"inLanguage\":\"hu\",\"potentialAction\":[{\"@type\":\"ReadAction\",\"target\":[\"https:\/\/360photoboothpro.eu\/hu\/adatvedelmi-politika\/\"]}]},{\"@type\":\"BreadcrumbList\",\"@id\":\"https:\/\/360photoboothpro.eu\/hu\/adatvedelmi-politika\/#breadcrumb\",\"itemListElement\":[{\"@type\":\"ListItem\",\"position\":1,\"name\":\"Home\",\"item\":\"https:\/\/360photoboothpro.eu\/hu\/\"},{\"@type\":\"ListItem\",\"position\":2,\"name\":\"Adatv\u00e9delmi ir\u00e1nyelvek\"}]},{\"@type\":\"WebSite\",\"@id\":\"https:\/\/360photoboothpro.eu\/hu\/#website\",\"url\":\"https:\/\/360photoboothpro.eu\/hu\/\",\"name\":\"360PhotoBoothPRO\",\"description\":\"360PhotoBoothPRO\",\"publisher\":{\"@id\":\"https:\/\/360photoboothpro.eu\/hu\/#organization\"},\"potentialAction\":[{\"@type\":\"SearchAction\",\"target\":{\"@type\":\"EntryPoint\",\"urlTemplate\":\"https:\/\/360photoboothpro.eu\/hu\/?s={search_term_string}\"},\"query-input\":{\"@type\":\"PropertyValueSpecification\",\"valueRequired\":true,\"valueName\":\"search_term_string\"}}],\"inLanguage\":\"hu\"},{\"@type\":\"Organization\",\"@id\":\"https:\/\/360photoboothpro.eu\/hu\/#organization\",\"name\":\"360PhotoBoothPRO\",\"url\":\"https:\/\/360photoboothpro.eu\/hu\/\",\"logo\":{\"@type\":\"ImageObject\",\"inLanguage\":\"hu\",\"@id\":\"https:\/\/360photoboothpro.eu\/hu\/#\/schema\/logo\/image\/\",\"url\":\"https:\/\/360photoboothpro.eu\/wp-content\/uploads\/2023\/03\/logo-360photoboothpro-favicon.png\",\"contentUrl\":\"https:\/\/360photoboothpro.eu\/wp-content\/uploads\/2023\/03\/logo-360photoboothpro-favicon.png\",\"width\":317,\"height\":317,\"caption\":\"360PhotoBoothPRO\"},\"image\":{\"@id\":\"https:\/\/360photoboothpro.eu\/hu\/#\/schema\/logo\/image\/\"},\"sameAs\":[\"https:\/\/www.facebook.com\/360PhotoBoothPRO.Canada\/\"]}]}<\/script>\n<!-- \/ Yoast SEO plugin. -->","yoast_head_json":{"title":"Adatv\u00e9delmi ir\u00e1nyelvek - 360PhotoBoothPRO","description":"A mag\u00e1n\u00e9let v\u00e9delme fontos. Olvassa el \u00e1tl\u00e1that\u00f3 adatv\u00e9delmi szab\u00e1lyzatunkat a 360 Photo Booth Pro oldalon. B\u00edzzon benn\u00fcnk a biztons\u00e1gos online \u00e9lm\u00e9ny\u00e9rt.","robots":{"index":"index","follow":"follow","max-snippet":"max-snippet:-1","max-image-preview":"max-image-preview:large","max-video-preview":"max-video-preview:-1"},"canonical":"https:\/\/360photoboothpro.eu\/hu\/adatvedelmi-politika\/","og_locale":"hu_HU","og_type":"article","og_title":"Adatv\u00e9delmi ir\u00e1nyelvek - 360PhotoBoothPRO","og_description":"A mag\u00e1n\u00e9let v\u00e9delme fontos. Olvassa el \u00e1tl\u00e1that\u00f3 adatv\u00e9delmi szab\u00e1lyzatunkat a 360 Photo Booth Pro oldalon. B\u00edzzon benn\u00fcnk a biztons\u00e1gos online \u00e9lm\u00e9ny\u00e9rt.","og_url":"https:\/\/360photoboothpro.eu\/hu\/adatvedelmi-politika\/","og_site_name":"360PhotoBoothPRO","article_publisher":"https:\/\/www.facebook.com\/360PhotoBoothPRO.Canada\/","article_modified_time":"2025-03-12T07:24:10+00:00","twitter_card":"summary_large_image","twitter_misc":{"Becs\u00fclt olvas\u00e1si id\u0151":"6 perc"},"schema":{"@context":"https:\/\/schema.org","@graph":[{"@type":"WebPage","@id":"https:\/\/360photoboothpro.eu\/hu\/adatvedelmi-politika\/","url":"https:\/\/360photoboothpro.eu\/hu\/adatvedelmi-politika\/","name":"Adatv\u00e9delmi ir\u00e1nyelvek - 360PhotoBoothPRO","isPartOf":{"@id":"https:\/\/360photoboothpro.eu\/hu\/#website"},"datePublished":"2023-03-20T05:11:33+00:00","dateModified":"2025-03-12T07:24:10+00:00","description":"A mag\u00e1n\u00e9let v\u00e9delme fontos. Olvassa el \u00e1tl\u00e1that\u00f3 adatv\u00e9delmi szab\u00e1lyzatunkat a 360 Photo Booth Pro oldalon. B\u00edzzon benn\u00fcnk a biztons\u00e1gos online \u00e9lm\u00e9ny\u00e9rt.","breadcrumb":{"@id":"https:\/\/360photoboothpro.eu\/hu\/adatvedelmi-politika\/#breadcrumb"},"inLanguage":"hu","potentialAction":[{"@type":"ReadAction","target":["https:\/\/360photoboothpro.eu\/hu\/adatvedelmi-politika\/"]}]},{"@type":"BreadcrumbList","@id":"https:\/\/360photoboothpro.eu\/hu\/adatvedelmi-politika\/#breadcrumb","itemListElement":[{"@type":"ListItem","position":1,"name":"Home","item":"https:\/\/360photoboothpro.eu\/hu\/"},{"@type":"ListItem","position":2,"name":"Adatv\u00e9delmi ir\u00e1nyelvek"}]},{"@type":"WebSite","@id":"https:\/\/360photoboothpro.eu\/hu\/#website","url":"https:\/\/360photoboothpro.eu\/hu\/","name":"360PhotoBoothPRO","description":"360PhotoBoothPRO","publisher":{"@id":"https:\/\/360photoboothpro.eu\/hu\/#organization"},"potentialAction":[{"@type":"SearchAction","target":{"@type":"EntryPoint","urlTemplate":"https:\/\/360photoboothpro.eu\/hu\/?s={search_term_string}"},"query-input":{"@type":"PropertyValueSpecification","valueRequired":true,"valueName":"search_term_string"}}],"inLanguage":"hu"},{"@type":"Organization","@id":"https:\/\/360photoboothpro.eu\/hu\/#organization","name":"360PhotoBoothPRO","url":"https:\/\/360photoboothpro.eu\/hu\/","logo":{"@type":"ImageObject","inLanguage":"hu","@id":"https:\/\/360photoboothpro.eu\/hu\/#\/schema\/logo\/image\/","url":"https:\/\/360photoboothpro.eu\/wp-content\/uploads\/2023\/03\/logo-360photoboothpro-favicon.png","contentUrl":"https:\/\/360photoboothpro.eu\/wp-content\/uploads\/2023\/03\/logo-360photoboothpro-favicon.png","width":317,"height":317,"caption":"360PhotoBoothPRO"},"image":{"@id":"https:\/\/360photoboothpro.eu\/hu\/#\/schema\/logo\/image\/"},"sameAs":["https:\/\/www.facebook.com\/360PhotoBoothPRO.Canada\/"]}]}},"_links":{"self":[{"href":"https:\/\/360photoboothpro.eu\/hu\/wp-json\/wp\/v2\/pages\/7401"}],"collection":[{"href":"https:\/\/360photoboothpro.eu\/hu\/wp-json\/wp\/v2\/pages"}],"about":[{"href":"https:\/\/360photoboothpro.eu\/hu\/wp-json\/wp\/v2\/types\/page"}],"author":[{"embeddable":true,"href":"https:\/\/360photoboothpro.eu\/hu\/wp-json\/wp\/v2\/users\/1"}],"replies":[{"embeddable":true,"href":"https:\/\/360photoboothpro.eu\/hu\/wp-json\/wp\/v2\/comments?post=7401"}],"version-history":[{"count":2,"href":"https:\/\/360photoboothpro.eu\/hu\/wp-json\/wp\/v2\/pages\/7401\/revisions"}],"predecessor-version":[{"id":14683,"href":"https:\/\/360photoboothpro.eu\/hu\/wp-json\/wp\/v2\/pages\/7401\/revisions\/14683"}],"wp:attachment":[{"href":"https:\/\/360photoboothpro.eu\/hu\/wp-json\/wp\/v2\/media?parent=7401"}],"curies":[{"name":"wp","href":"https:\/\/api.w.org\/{rel}","templated":true}]}}